{"id":2328,"date":"2021-08-24T14:24:46","date_gmt":"2021-08-24T14:24:46","guid":{"rendered":"https:\/\/cebrasilcentral.com.br\/novosite\/?page_id=2328"},"modified":"2021-08-24T14:34:22","modified_gmt":"2021-08-24T14:34:22","slug":"cuidadosdeidosos","status":"publish","type":"page","link":"https:\/\/cebrasilcentral.com.br\/novosite\/cuidadosdeidosos\/","title":{"rendered":"TCI :: T\u00c9CNICO EM CUIDADOS DE IDOSOS"},"content":{"rendered":"<p>[et_pb_section fb_built=&#8221;1&#8243; fullwidth=&#8221;on&#8221; _builder_version=&#8221;3.29.3&#8243; background_image=&#8221;https:\/\/cebrasilcentral.com.br\/novosite\/wp-content\/uploads\/2021\/08\/BANNER-SITE-EAD-CUIDADOS-DE-IDOSOS.png&#8221; custom_padding=&#8221;500px|||&#8221; hover_enabled=&#8221;0&#8243; fb_built=&#8221;1&#8243; _i=&#8221;0&#8243; _address=&#8221;0&#8243;][\/et_pb_section][et_pb_section fb_built=&#8221;1&#8243; _builder_version=&#8221;3.22&#8243; fb_built=&#8221;1&#8243; _i=&#8221;1&#8243; _address=&#8221;1&#8243;][et_pb_row column_structure=&#8221;1_2,1_2&#8243; _builder_version=&#8221;3.25&#8243; background_size=&#8221;initial&#8221; background_position=&#8221;top_left&#8221; background_repeat=&#8221;repeat&#8221; _i=&#8221;0&#8243; _address=&#8221;1.0&#8243;][et_pb_column type=&#8221;1_2&#8243; _builder_version=&#8221;3.25&#8243; custom_padding=&#8221;|||&#8221; _i=&#8221;0&#8243; _address=&#8221;1.0.0&#8243; custom_padding__hover=&#8221;|||&#8221;][et_pb_blurb title=&#8221;O CURSO&#8221; use_icon=&#8221;on&#8221; font_icon=&#8221;?&#8221; icon_color=&#8221;#000000&#8243; icon_placement=&#8221;left&#8221; admin_label=&#8221;Blurb&#8221; _builder_version=&#8221;3.0.74&#8243; background_size=&#8221;initial&#8221; background_position=&#8221;top_left&#8221; background_repeat=&#8221;repeat&#8221; animation=&#8221;off&#8221; _i=&#8221;0&#8243; _address=&#8221;1.0.0.0&#8243;][\/et_pb_blurb][et_pb_text admin_label=&#8221;Text&#8221; _builder_version=&#8221;3.27.4&#8243; background_size=&#8221;initial&#8221; background_position=&#8221;top_left&#8221; background_repeat=&#8221;repeat&#8221; _i=&#8221;1&#8243; _address=&#8221;1.0.0.1&#8243;]<\/p>\n<p>O Curso \u00e9 ofertado de forma presencial e online,&nbsp; estruturado em 03(tr\u00eas) m\u00f3dulos que contemplar\u00e3o aulas te\u00f3ricas e pr\u00e1ticas,&nbsp; sendo 50% presencial e 50% a dist\u00e2ncia concomitante ou subsequente ao Ensino M\u00e9dio. O curso n\u00e3o&nbsp; contempla sa\u00eddas intermedi\u00e1rias. A carga hor\u00e1ria total \u00e9&nbsp; de 1.290 (mil duzentas e noventa) horas, sendo 1.200h (mil e duzentas) horas te\u00f3ricas e 90h (noventa) horas de pr\u00e1tica profissional e distribu\u00eddas entre 12 (doze) componentes curriculares, estruturado por m\u00f3dulos articulados&nbsp;&nbsp; entre si, contemplando a carga hor\u00e1ria conforme o Cat\u00e1logo Nacional de Cursos T\u00e9cnicos \u2013 CNCT.<\/p>\n<p>&nbsp;<\/p>\n<p>[\/et_pb_text][et_pb_divider show_divider=&#8221;off&#8221; disabled_on=&#8221;on|on|off&#8221; admin_label=&#8221;Divider&#8221; _builder_version=&#8221;3.23.4&#8243; height=&#8221;10px&#8221; _i=&#8221;2&#8243; _address=&#8221;1.0.0.2&#8243;][\/et_pb_divider][et_pb_blurb title=&#8221;MERCADO DE TRABALHO&#8221; use_icon=&#8221;on&#8221; font_icon=&#8221;?&#8221; icon_color=&#8221;#000000&#8243; icon_placement=&#8221;left&#8221; admin_label=&#8221;Blurb&#8221; _builder_version=&#8221;3.0.74&#8243; background_size=&#8221;initial&#8221; background_position=&#8221;top_left&#8221; background_repeat=&#8221;repeat&#8221; animation=&#8221;off&#8221; _i=&#8221;3&#8243; _address=&#8221;1.0.0.3&#8243;][\/et_pb_blurb][et_pb_text admin_label=&#8221;Text&#8221; _builder_version=&#8221;3.27.4&#8243; background_size=&#8221;initial&#8221; background_position=&#8221;top_left&#8221; background_repeat=&#8221;repeat&#8221; _i=&#8221;4&#8243; _address=&#8221;1.0.0.4&#8243;]<\/p>\n<p style=\"text-align: justify;\">T\u00e9cnico em Cuidados de Idosos \u00e9 o profissional&nbsp; do Eixo Tecnol\u00f3gico Ambiente e Sa\u00fade realizando acompanhando idosos a servi\u00e7os previdenci\u00e1rios, de assist\u00eancia social e de sa\u00fade, medica\u00e7\u00e3o oral e t\u00f3pica conforme prescri\u00e7\u00e3o m\u00e9dica, auxiliando a pessoa idosa nas atividades b\u00e1sicas e instrumentais da vida di\u00e1ria, cuidando de pessoas idosas, dependentes ou independentes, nos aspectos f\u00edsico, mental, social e cultural, estimulando atividades ocupacionais e de lazer, identificando situa\u00e7\u00f5es de urg\u00eancia e necessidades de primeiros socorros, cuidando e auxiliando em demais demandas. O t\u00e9cnico da \u00e1rea pode atuar em Centros de conviv\u00eancia, Centros-dia e hospitais-dia Institui\u00e7\u00f5es de longa perman\u00eancia para idosos, Institui\u00e7\u00f5es de sa\u00fade Servi\u00e7os de cuidado domiciliar e Profissional aut\u00f4nomo.<\/p>\n<p>[\/et_pb_text][et_pb_divider show_divider=&#8221;off&#8221; disabled_on=&#8221;on|on|off&#8221; admin_label=&#8221;Divider&#8221; _builder_version=&#8221;3.23.4&#8243; height=&#8221;10px&#8221; _i=&#8221;5&#8243; _address=&#8221;1.0.0.5&#8243;][\/et_pb_divider][et_pb_blurb title=&#8221;NOSSOS DIFERENCIAIS&#8221; use_icon=&#8221;on&#8221; font_icon=&#8221;?&#8221; icon_color=&#8221;#000000&#8243; icon_placement=&#8221;left&#8221; admin_label=&#8221;Blurb&#8221; _builder_version=&#8221;3.0.74&#8243; background_size=&#8221;initial&#8221; background_position=&#8221;top_left&#8221; background_repeat=&#8221;repeat&#8221; animation=&#8221;off&#8221; _i=&#8221;6&#8243; _address=&#8221;1.0.0.6&#8243;][\/et_pb_blurb][et_pb_text admin_label=&#8221;Text&#8221; _builder_version=&#8221;3.27.4&#8243; background_size=&#8221;initial&#8221; background_position=&#8221;top_left&#8221; background_repeat=&#8221;repeat&#8221; _i=&#8221;7&#8243; _address=&#8221;1.0.0.7&#8243;]<\/p>\n<p>Sua matr\u00edcula pode ser feita em qualquer \u00e9poca do ano;<br \/>\n:: Voc\u00ea pode estudar onde e quando quiser, respeitando seu ritmo;<br \/>\n:: O investimento \u00e9 bem menor quando comparado a um curso totalmente presencial: nossas mensalidades n\u00e3o pesam no seu bolso .:: O curso \u00e9 composto por m\u00f3dulos e ao t\u00e9rmino voc\u00ea se qualifica como t\u00e9cnico.<br \/>\n:: Seu diploma ter\u00e1 o mesmo valor do diploma de um curso presencial e ser\u00e1 v\u00e1lido em todo o territ\u00f3rio brasileiro.<\/p>\n<p>[\/et_pb_text][\/et_pb_column][et_pb_column type=&#8221;1_2&#8243; _builder_version=&#8221;3.25&#8243; custom_padding=&#8221;|||&#8221; _i=&#8221;1&#8243; _address=&#8221;1.0.1&#8243; custom_padding__hover=&#8221;|||&#8221;][et_pb_blurb title=&#8221;PR\u00c9-REQUISITOS&#8221; use_icon=&#8221;on&#8221; font_icon=&#8221;l&#8221; icon_color=&#8221;#000000&#8243; icon_placement=&#8221;left&#8221; admin_label=&#8221;Blurb&#8221; _builder_version=&#8221;3.0.74&#8243; background_size=&#8221;initial&#8221; background_position=&#8221;top_left&#8221; background_repeat=&#8221;repeat&#8221; animation=&#8221;off&#8221; _i=&#8221;0&#8243; _address=&#8221;1.0.1.0&#8243;][\/et_pb_blurb][et_pb_text admin_label=&#8221;Text&#8221; _builder_version=&#8221;3.27.4&#8243; background_size=&#8221;initial&#8221; background_position=&#8221;top_left&#8221; background_repeat=&#8221;repeat&#8221; _i=&#8221;1&#8243; _address=&#8221;1.0.1.1&#8243;]<\/p>\n<p>O Curso T\u00e9cnico \u00e9 destinado a todos que est\u00e3o cursando ou j\u00e1 completaram o Ensino M\u00e9dio e que desejam aprender uma profiss\u00e3o, entrar no mercado de trabalho ou complementar a forma\u00e7\u00e3o acad\u00eamica j\u00e1 adquirida, buscando uma melhor coloca\u00e7\u00e3o na empresa ou local em que trabalha.<\/p>\n<p><strong>&nbsp;<\/strong><\/p>\n<p><strong>Documentos exigidos para a matr\u00edcula:<\/strong><\/p>\n<p>:: Requerimento de matr\u00edcula;<br \/>\n:: C\u00f3pia da Carteira de Identidade e do CPF;<br \/>\n:: C\u00f3pia da Carteira de Identidade e do CPF do Respons\u00e1vel, quando o aluno for menor de idade;<br \/>\n:: Certificado de Conclus\u00e3o do Ensino M\u00e9dio ou Declara\u00e7\u00e3o de que est\u00e1 cursando, quando for o caso (duas vias, sendo uma delas original);<br \/>\n:: Uma foto 3\u00d74 (recente);<br \/>\n:: C\u00f3pia do Comprovante de Resid\u00eancia.<\/p>\n<p><strong>Importante:<\/strong>&nbsp;\u00c9 obrigat\u00f3ria a apresenta\u00e7\u00e3o dos documentos originais para confer\u00eancia das c\u00f3pias na matr\u00edcula.<\/p>\n<p>[\/et_pb_text][et_pb_divider show_divider=&#8221;off&#8221; disabled_on=&#8221;on|on|off&#8221; admin_label=&#8221;Divider&#8221; _builder_version=&#8221;3.23.4&#8243; height=&#8221;10px&#8221; _i=&#8221;2&#8243; _address=&#8221;1.0.1.2&#8243; custom_margin=&#8221;64px|||||&#8221;][\/et_pb_divider][et_pb_text admin_label=&#8221;Text&#8221; _builder_version=&#8221;3.27.4&#8243; background_size=&#8221;initial&#8221; background_position=&#8221;top_left&#8221; background_repeat=&#8221;repeat&#8221; _i=&#8221;7&#8243; _address=&#8221;1.0.1.7&#8243;]<\/p>\n<p><strong>Importante:<\/strong> Este curso possui Pr\u00e1tica Profissional na institui\u00e7\u00e3o sendo ele obrigat\u00f3rio.<\/p>\n<p style=\"text-align: justify;\"><strong>Material Did\u00e1tico: <\/strong>Conte\u00fado <em>online<\/em> e em PDF dispon\u00edvel no ambiente virtual de aprendizagem.<\/p>\n<p style=\"text-align: justify;\"><strong>Sistema de Avalia\u00e7\u00e3o:<\/strong><\/p>\n<p>Os alunos do curso ser\u00e3o avaliados atrav\u00e9s de provas, participa\u00e7\u00e3o no f\u00f3rum e frequ\u00eancia nas tutorias que correspondem a 50% (cinquenta por cento) do eixo tecnol\u00f3gico do curso.<\/p>\n<p>[\/et_pb_text][et_pb_divider show_divider=&#8221;off&#8221; disabled_on=&#8221;on|on|off&#8221; admin_label=&#8221;Divider&#8221; _builder_version=&#8221;3.23.4&#8243; height=&#8221;10px&#8221; _i=&#8221;8&#8243; _address=&#8221;1.0.1.8&#8243;][\/et_pb_divider][et_pb_blurb title=&#8221;CERTIFICA\u00c7\u00c3O&#8221; use_icon=&#8221;on&#8221; font_icon=&#8221;h&#8221; icon_color=&#8221;#000000&#8243; icon_placement=&#8221;left&#8221; admin_label=&#8221;Blurb&#8221; _builder_version=&#8221;3.0.74&#8243; background_size=&#8221;initial&#8221; background_position=&#8221;top_left&#8221; background_repeat=&#8221;repeat&#8221; animation=&#8221;off&#8221; _i=&#8221;9&#8243; _address=&#8221;1.0.1.9&#8243;][\/et_pb_blurb][et_pb_text admin_label=&#8221;Text&#8221; _builder_version=&#8221;3.27.4&#8243; background_size=&#8221;initial&#8221; background_position=&#8221;top_left&#8221; background_repeat=&#8221;repeat&#8221; _i=&#8221;10&#8243; _address=&#8221;1.0.1.10&#8243;]<\/p>\n<p style=\"margin: 0cm; margin-bottom: .0001pt; text-align: justify; vertical-align: baseline;\"><span style=\"font-size: 10.5pt; font-family: 'Open Sans',sans-serif; color: #666666;\">Aos estudantes que conclu\u00edrem o conjunto dos m\u00f3dulos correspondentes ao Curso T\u00e9cnico em Cuidados de Idosos e comprovarem a conclus\u00e3o do Ensino M\u00e9dio ser\u00e1&nbsp;conferido o Diploma de T\u00e9cnico em Cuidados de Idosos, N\u00edvel M\u00e9dio \u2013 Eixo Tecnol\u00f3gico Ambiente e Sa\u00fade.<o:p><\/o:p><\/span><\/p>\n<p>[\/et_pb_text][\/et_pb_column][\/et_pb_row][\/et_pb_section]<\/p>\n","protected":false},"excerpt":{"rendered":"<p>[et_pb_section fb_built=&#8221;1&#8243; fullwidth=&#8221;on&#8221; _builder_version=&#8221;3.29.3&#8243; background_image=&#8221;https:\/\/cebrasilcentral.com.br\/novosite\/wp-content\/uploads\/2021\/08\/BANNER-SITE-EAD-CUIDADOS-DE-IDOSOS.png&#8221; custom_padding=&#8221;500px|||&#8221; hover_enabled=&#8221;0&#8243; fb_built=&#8221;1&#8243; _i=&#8221;0&#8243; _address=&#8221;0&#8243;][\/et_pb_section][et_pb_section fb_built=&#8221;1&#8243; _builder_version=&#8221;3.22&#8243; fb_built=&#8221;1&#8243; _i=&#8221;1&#8243; _address=&#8221;1&#8243;][et_pb_row column_structure=&#8221;1_2,1_2&#8243; _builder_version=&#8221;3.25&#8243; background_size=&#8221;initial&#8221; background_position=&#8221;top_left&#8221; background_repeat=&#8221;repeat&#8221; _i=&#8221;0&#8243; _address=&#8221;1.0&#8243;][et_pb_column type=&#8221;1_2&#8243; _builder_version=&#8221;3.25&#8243; custom_padding=&#8221;|||&#8221; _i=&#8221;0&#8243; _address=&#8221;1.0.0&#8243; custom_padding__hover=&#8221;|||&#8221;][et_pb_blurb title=&#8221;O CURSO&#8221; use_icon=&#8221;on&#8221; font_icon=&#8221;?&#8221; icon_color=&#8221;#000000&#8243; icon_placement=&#8221;left&#8221; admin_label=&#8221;Blurb&#8221; _builder_version=&#8221;3.0.74&#8243; background_size=&#8221;initial&#8221; background_position=&#8221;top_left&#8221; background_repeat=&#8221;repeat&#8221; animation=&#8221;off&#8221; _i=&#8221;0&#8243; _address=&#8221;1.0.0.0&#8243;][\/et_pb_blurb][et_pb_text admin_label=&#8221;Text&#8221; _builder_version=&#8221;3.27.4&#8243; background_size=&#8221;initial&#8221; background_position=&#8221;top_left&#8221; background_repeat=&#8221;repeat&#8221; _i=&#8221;1&#8243; _address=&#8221;1.0.0.1&#8243;] O Curso \u00e9 ofertado de forma [&hellip;]<\/p>\n","protected":false},"author":4,"featured_media":0,"parent":0,"menu_order":0,"comment_status":"open","ping_status":"closed","template":"","meta":{"_et_pb_use_builder":"on","_et_pb_old_content":"","footnotes":""},"class_list":["post-2328","page","type-page","status-publish","hentry"],"_links":{"self":[{"href":"https:\/\/cebrasilcentral.com.br\/novosite\/wp-json\/wp\/v2\/pages\/2328","targetHints":{"allow":["GET"]}}],"collection":[{"href":"https:\/\/cebrasilcentral.com.br\/novosite\/wp-json\/wp\/v2\/pages"}],"about":[{"href":"https:\/\/cebrasilcentral.com.br\/novosite\/wp-json\/wp\/v2\/types\/page"}],"author":[{"embeddable":true,"href":"https:\/\/cebrasilcentral.com.br\/novosite\/wp-json\/wp\/v2\/users\/4"}],"replies":[{"embeddable":true,"href":"https:\/\/cebrasilcentral.com.br\/novosite\/wp-json\/wp\/v2\/comments?post=2328"}],"version-history":[{"count":5,"href":"https:\/\/cebrasilcentral.com.br\/novosite\/wp-json\/wp\/v2\/pages\/2328\/revisions"}],"predecessor-version":[{"id":2341,"href":"https:\/\/cebrasilcentral.com.br\/novosite\/wp-json\/wp\/v2\/pages\/2328\/revisions\/2341"}],"wp:attachment":[{"href":"https:\/\/cebrasilcentral.com.br\/novosite\/wp-json\/wp\/v2\/media?parent=2328"}],"curies":[{"name":"wp","href":"https:\/\/api.w.org\/{rel}","templated":true}]}}