{"id":306,"date":"2015-05-25T00:30:26","date_gmt":"2015-05-25T00:30:26","guid":{"rendered":"http:\/\/www.f2studio.com.br\/cebrasilcentral\/?page_id=306"},"modified":"2019-01-16T19:16:06","modified_gmt":"2019-01-16T19:16:06","slug":"ensino-fundamental","status":"publish","type":"page","link":"https:\/\/cebrasilcentral.com.br\/novosite\/ensino-fundamental\/","title":{"rendered":"ENSINO FUNDAMENTAL"},"content":{"rendered":"<p>[et_pb_section fb_built=&#8221;1&#8243; fullwidth=&#8221;on&#8221; _builder_version=&#8221;3.0.98&#8243; background_image=&#8221;https:\/\/cebrasilcentral.com.br\/novosite\/wp-content\/uploads\/2019\/01\/fundamental.png&#8221; custom_padding=&#8221;500px|||&#8221;][\/et_pb_section][et_pb_section fb_built=&#8221;1&#8243; _builder_version=&#8221;3.0.47&#8243;][et_pb_row _builder_version=&#8221;3.0.47&#8243; background_size=&#8221;initial&#8221; background_position=&#8221;top_left&#8221; background_repeat=&#8221;repeat&#8221;][et_pb_column type=&#8221;1_2&#8243; _builder_version=&#8221;3.0.47&#8243; parallax=&#8221;off&#8221; parallax_method=&#8221;on&#8221;][et_pb_text admin_label=&#8221;Text&#8221; _builder_version=&#8221;3.0.98&#8243; background_size=&#8221;initial&#8221; background_position=&#8221;top_left&#8221; background_repeat=&#8221;repeat&#8221;]<\/p>\n<h1 style=\"text-align: justify;\">ENSINO FUNDAMENTAL\u00a0<\/h1>\n<p style=\"text-align: justify;\">Aprender \u00e9 aplicar e transformar o conhecimento.\u00a0Por meio de atividades instigantes e criativas, os alunos desta faixa et\u00e1ria t\u00eam suas compet\u00eancias individuais valorizadas e s\u00e3o estimulados a aprender. Por isso, atualmente o Ensino Fundamental \u00e9 dividido em duas etapas:<\/p>\n<p style=\"text-align: justify;\">A primeira delas \u00e9 o\u00a0<strong>Ensino Fundamental I<\/strong>,\u00a0que vai do 1\u00b0 ao 5\u00b0 ano e destina-se \u00e0 alfabetiza\u00e7\u00e3o, letramento,\u00a0estudo da leitura, conhecimentos dos n\u00fameros e opera\u00e7\u00f5es, bem como no\u00e7\u00f5es b\u00e1sicas de ci\u00eancias naturais e humanas. Al\u00e9m disso, j\u00e1 em seus anos finais, dedica-se tamb\u00e9m ao manejo de opera\u00e7\u00f5es matem\u00e1ticas, ao ensino de Ci\u00eancias, Ingl\u00eas, Arte, Hist\u00f3ria, Geografia, Ensino Religioso e ao est\u00edmulo \u00e0 leitura e \u00e0 pr\u00e1tica de esportes.<\/p>\n<p style=\"text-align: justify;\">A segunda delas \u00e9 o\u00a0<strong>Ensino Fundamental II<\/strong>,\u00a0que vai do 6\u00b0 ao 9\u00b0 ano e destina-se ao aprofundamento dos conte\u00fados das diversas \u00e1reas com o objetivo de fornecer base suficiente para os estudos do Ensino M\u00e9dio. \u00c9 nesse per\u00edodo que se desenvolve a organiza\u00e7\u00e3o e os h\u00e1bitos de estudo, e as aulas s\u00e3o ministradas por professores especialistas em suas \u00e1reas.<\/p>\n<p style=\"text-align: justify;\">\n<p>[\/et_pb_text][et_pb_text admin_label=&#8221;Text&#8221; _builder_version=&#8221;3.0.98&#8243; background_size=&#8221;initial&#8221; background_position=&#8221;top_left&#8221; background_repeat=&#8221;repeat&#8221;]<\/p>\n<h1 style=\"text-align: justify;\">METODOLOGIA DE ENSINO<\/h1>\n<p style=\"text-align: justify;\">O Ensino Fundamental \u00e9 a base da busca pelo aprimoramento do conhecimento. Nessa etapa do ensino, incentivamos a integra\u00e7\u00e3o dos estudantes atrav\u00e9s de\u00a0aspectos biol\u00f3gicos, psicol\u00f3gicos, intelectuais e s\u00f3cio-culturais. Dessa forma, os alunos aprendem, atrav\u00e9s do processo de produzir, a levantar d\u00favidas, pesquisar\u00a0e\u00a0criar rela\u00e7\u00f5es que possam incentivar novas buscas\u00a0e\u00a0descobertas atrav\u00e9s de compreens\u00f5es e reconstru\u00e7\u00f5es do conhecimento, tendo o professor como mediador desse processo.<\/p>\n<p>[\/et_pb_text][et_pb_text admin_label=&#8221;Text&#8221; _builder_version=&#8221;3.0.47&#8243; background_size=&#8221;initial&#8221; background_position=&#8221;top_left&#8221; background_repeat=&#8221;repeat&#8221;]<\/p>\n<p style=\"text-align: justify;\">O Ensino Fundamental trabalha de forma que a rela\u00e7\u00e3o ensino\/aprendizagem seja voltada para a constru\u00e7\u00e3o do conhecimento de maneira din\u00e2mica, contextualizada e compartilhada, envolvendo efetivamente a participa\u00e7\u00e3o dos alunos e professores em um processo m\u00fatuo de troca de experi\u00eancias, auxiliando na forma\u00e7\u00e3o integral dos indiv\u00edduos.<\/p>\n<p style=\"text-align: justify;\">Para isso,\u00a0al\u00e9m das mat\u00e9rias normais aplic\u00e1veis a esta etapa do ensino,\u00a0os alunos contam com uma variada programa\u00e7\u00e3o recreativa, cultural, c\u00edvica e de consci\u00eancia ambiental, sendo alguns desses eventos abertos \u00e0s fam\u00edlias\u00a0para que\u00a0os pais participem intensamente do ambiente escolar, enquanto os filhos se sentem mais acolhidos e, consequentemente, aprendem e interagem mais.<\/p>\n<p style=\"text-align: justify;\"><strong>Importante:\u00a0<\/strong>O uso do uniforme completo \u00e9 obrigat\u00f3rio.<\/p>\n<p style=\"text-align: justify;\"><strong>Material Did\u00e1tico:\u00a0<\/strong>A lista de materiais did\u00e1ticos-pedag\u00f3gicos para a s\u00e9rie em curso dever\u00e1 ser adquirida na Secretaria durante a matr\u00edcula.<\/p>\n<p style=\"text-align: justify;\"><strong>Sistema de Avalia\u00e7\u00e3o:\u00a0<\/strong>Os alunos do curso ser\u00e3o avaliados atrav\u00e9s de trabalhos, provas e frequ\u00eancia nas aulas.<\/p>\n<p>[\/et_pb_text][\/et_pb_column][et_pb_column type=&#8221;1_2&#8243; _builder_version=&#8221;3.0.47&#8243; parallax=&#8221;off&#8221; parallax_method=&#8221;on&#8221;][et_pb_image src=&#8221;https:\/\/cebrasilcentral.com.br\/novosite\/wp-content\/uploads\/2019\/01\/52d61d6c-396a-48c2-9705-cff42ac71973.jpg&#8221; _builder_version=&#8221;3.0.98&#8243;][\/et_pb_image][et_pb_accordion _builder_version=&#8221;3.0.98&#8243;][et_pb_accordion_item title=&#8221;Fundamental I&#8221; open=&#8221;on&#8221; _builder_version=&#8221;3.0.98&#8243; title_text_shadow_horizontal_length=&#8221;0em&#8221; title_text_shadow_vertical_length=&#8221;0em&#8221; title_text_shadow_blur_strength=&#8221;0em&#8221; body_text_shadow_horizontal_length=&#8221;0em&#8221; body_text_shadow_vertical_length=&#8221;0em&#8221; body_text_shadow_blur_strength=&#8221;0em&#8221;]<\/p>\n<p><strong>1\u00ba ao 5\u00ba ano | 06 (seis) anos ou a completar at\u00e9 31 de mar\u00e7o<\/strong><\/p>\n<p><strong>Disciplinas<\/strong><\/p>\n<ul>\n<li>Ingl\u00eas, Bal\u00e9 e Capoeira<\/li>\n<li>Oficinas Pedag\u00f3gicas<\/li>\n<li>Incentivo ao Esporte ( Futebol, Futsal, V\u00f4lei e Queimada)<\/li>\n<li>Projetos Educacionais<\/li>\n<li>Orienta\u00e7\u00f5es Educacional<\/li>\n<li>E muito mais<\/li>\n<\/ul>\n<p>[\/et_pb_accordion_item][et_pb_accordion_item title=&#8221;Fundamental II&#8221; _builder_version=&#8221;3.0.98&#8243; title_text_shadow_horizontal_length=&#8221;0em&#8221; title_text_shadow_vertical_length=&#8221;0em&#8221; title_text_shadow_blur_strength=&#8221;0em&#8221; body_text_shadow_horizontal_length=&#8221;0em&#8221; body_text_shadow_vertical_length=&#8221;0em&#8221; body_text_shadow_blur_strength=&#8221;0em&#8221; open=&#8221;off&#8221;]<\/p>\n<p><strong>6\u00ba ao 9\u00ba ano<\/strong><\/p>\n<p><strong>Disciplinas<br \/><\/strong><\/p>\n<ul>\n<li>Aulas Laboratoriais<\/li>\n<li>Sa\u00eddas de campo<\/li>\n<li>Aulas din\u00e2micas<\/li>\n<li>Prepara\u00e7\u00e3o para o Ensino M\u00e9dio (UnB\/Enem\/PAS &#8211; Programa de Avalia\u00e7\u00e3o Seriada)<\/li>\n<li>Simulados Padr\u00e3o<strong>\u00a0<\/strong>UnB e preparat\u00f3rio oara Concursos P\u00fablicos<\/li>\n<li>Idiomas: Ingl\u00eas e Espanhol<\/li>\n<li>Incentivo ao Esporte<\/li>\n<li>Projetos Educacionais<\/li>\n<li>Passeios Educacionais<\/li>\n<li>Orienta\u00e7\u00e3o Educacional<\/li>\n<li>E muito mais<\/li>\n<\/ul>\n<p>[\/et_pb_accordion_item][et_pb_accordion_item title=&#8221;Hor\u00e1rios&#8221; _builder_version=&#8221;3.0.98&#8243; title_text_shadow_horizontal_length=&#8221;0em&#8221; title_text_shadow_vertical_length=&#8221;0em&#8221; title_text_shadow_blur_strength=&#8221;0em&#8221; body_text_shadow_horizontal_length=&#8221;0em&#8221; body_text_shadow_vertical_length=&#8221;0em&#8221; body_text_shadow_blur_strength=&#8221;0em&#8221; open=&#8221;off&#8221;]<\/p>\n<p><strong>Fundamental I:<br \/> <\/strong>Matutino: 7h30 \u00e0s 11h45min<br \/> Vespertino: 13h30 \u00e0s 17h45min<\/p>\n<p><strong>Fundamental II:<br \/> <\/strong>Matutino: 7h30 \u00e0s 11h55min<br \/> Vespertino: 13h30 \u00e0s 17h55min<\/p>\n<p>[\/et_pb_accordion_item][et_pb_accordion_item title=&#8221;Diploma&#8221; _builder_version=&#8221;3.0.98&#8243; title_text_shadow_horizontal_length=&#8221;0em&#8221; title_text_shadow_vertical_length=&#8221;0em&#8221; title_text_shadow_blur_strength=&#8221;0em&#8221; body_text_shadow_horizontal_length=&#8221;0em&#8221; body_text_shadow_vertical_length=&#8221;0em&#8221; body_text_shadow_blur_strength=&#8221;0em&#8221; open=&#8221;off&#8221;]<\/p>\n<p>Aos estudantes que conclu\u00edrem a carga hor\u00e1ria exigida e alcan\u00e7arem a nota m\u00ednima para aprova\u00e7\u00e3o nas avalia\u00e7\u00f5es \u00e9 conferido o Certificado de Conclus\u00e3o de Curso e Hist\u00f3rico Escolar referente ao Ensino Fundamental.<\/p>\n<p>[\/et_pb_accordion_item][et_pb_accordion_item title=&#8221;Documenta\u00e7\u00e3o&#8221; _builder_version=&#8221;3.0.98&#8243; title_text_shadow_horizontal_length=&#8221;0em&#8221; title_text_shadow_vertical_length=&#8221;0em&#8221; title_text_shadow_blur_strength=&#8221;0em&#8221; body_text_shadow_horizontal_length=&#8221;0em&#8221; body_text_shadow_vertical_length=&#8221;0em&#8221; body_text_shadow_blur_strength=&#8221;0em&#8221; open=&#8221;off&#8221;]<\/p>\n<p>O Ensino Fundamental\u00a0\u00e9 destinado a\u00a0crian\u00e7as a partir de\u00a06\u00a0anos de idade completos ou\u00a0a completar at\u00e9 31 de Mar\u00e7o.<\/p>\n<p><strong>Documentos exigidos para a matr\u00edcula:<\/strong><\/p>\n<p>:: Requerimento de matr\u00edcula;<br \/> :: Certid\u00e3o de Nascimento (c\u00f3pia);<br \/> :: C\u00f3pia da Carteira de Identidade e do CPF do Respons\u00e1vel, quando o aluno for menor de idade;<br \/> :: Hist\u00f3rico Escolar (original) ou Documento de Transfer\u00eancia;<br \/> :: Uma foto 3\u00d74 (recente);<br \/> :: C\u00f3pia do Comprovante de Resid\u00eancia;<br \/> :: Atestado m\u00e9dico para uso da piscina.<\/p>\n<p><strong>Importante:<\/strong>\u00a0\u00c9 obrigat\u00f3ria a apresenta\u00e7\u00e3o dos documentos originais para confer\u00eancia das c\u00f3pias na matr\u00edcula.<\/p>\n<p>[\/et_pb_accordion_item][et_pb_accordion_item title=&#8221;Nossos Diferenciais&#8221; _builder_version=&#8221;3.0.98&#8243; title_text_shadow_horizontal_length=&#8221;0em&#8221; title_text_shadow_vertical_length=&#8221;0em&#8221; title_text_shadow_blur_strength=&#8221;0em&#8221; body_text_shadow_horizontal_length=&#8221;0em&#8221; body_text_shadow_vertical_length=&#8221;0em&#8221; body_text_shadow_blur_strength=&#8221;0em&#8221; open=&#8221;off&#8221;]<\/p>\n<p>::\u00a0Estrutura completa de ensino, salas especiais, laborat\u00f3rios e apoio multim\u00eddia\u00a0para que\u00a0o aluno embarque no universo do conhecimento com um \u00fanico destino: aprender de verdade;<\/p>\n<p>::\u00a0Programa de Incentivo ao Esporte visando preparar os alunos\u00a0para executarem determinadas habilidades por meio da descoberta do prazer de se exercitar;<\/p>\n<p>::\u00a0Feiras culturais com mostras de trabalhos dos alunos e apresenta\u00e7\u00f5es de acordo com os projetos do ano;<\/p>\n<p>::\u00a0Passeios de estudo que possibilitam vivenciar e tornar o aprendizado mais significativo;<\/p>\n<p>::\u00a0Atendimento pedag\u00f3gico educacional exclusivo para acompanhar a rotina dos alunos.<\/p>\n<p>[\/et_pb_accordion_item][\/et_pb_accordion][\/et_pb_column][\/et_pb_row][et_pb_row _builder_version=&#8221;3.0.98&#8243;][et_pb_column type=&#8221;1_3&#8243; _builder_version=&#8221;3.0.98&#8243; parallax=&#8221;off&#8221; parallax_method=&#8221;on&#8221;][et_pb_image src=&#8221;https:\/\/cebrasilcentral.com.br\/novosite\/wp-content\/uploads\/2019\/01\/6.jpeg&#8221; _builder_version=&#8221;3.0.98&#8243;][\/et_pb_image][\/et_pb_column][et_pb_column type=&#8221;1_3&#8243; _builder_version=&#8221;3.0.98&#8243; parallax=&#8221;off&#8221; parallax_method=&#8221;on&#8221;][et_pb_image src=&#8221;https:\/\/cebrasilcentral.com.br\/novosite\/wp-content\/uploads\/2019\/01\/36224419_884968555180353_2537938072612372480_n.jpg&#8221; _builder_version=&#8221;3.0.98&#8243;][\/et_pb_image][\/et_pb_column][et_pb_column type=&#8221;1_3&#8243; _builder_version=&#8221;3.0.98&#8243; parallax=&#8221;off&#8221; parallax_method=&#8221;on&#8221;][et_pb_image src=&#8221;https:\/\/cebrasilcentral.com.br\/novosite\/wp-content\/uploads\/2019\/01\/211f28f9-9151-446d-bda4-0d2d21ac8325.jpg&#8221; _builder_version=&#8221;3.0.98&#8243;][\/et_pb_image][\/et_pb_column][\/et_pb_row][\/et_pb_section]<\/p>\n","protected":false},"excerpt":{"rendered":"<p>[et_pb_section fb_built=&#8221;1&#8243; fullwidth=&#8221;on&#8221; _builder_version=&#8221;3.0.98&#8243; background_image=&#8221;https:\/\/cebrasilcentral.com.br\/novosite\/wp-content\/uploads\/2019\/01\/fundamental.png&#8221; custom_padding=&#8221;500px|||&#8221;][\/et_pb_section][et_pb_section fb_built=&#8221;1&#8243; _builder_version=&#8221;3.0.47&#8243;][et_pb_row _builder_version=&#8221;3.0.47&#8243; background_size=&#8221;initial&#8221; background_position=&#8221;top_left&#8221; background_repeat=&#8221;repeat&#8221;][et_pb_column type=&#8221;1_2&#8243; _builder_version=&#8221;3.0.47&#8243; parallax=&#8221;off&#8221; parallax_method=&#8221;on&#8221;][et_pb_text admin_label=&#8221;Text&#8221; _builder_version=&#8221;3.0.98&#8243; background_size=&#8221;initial&#8221; background_position=&#8221;top_left&#8221; background_repeat=&#8221;repeat&#8221;] ENSINO FUNDAMENTAL\u00a0 Aprender \u00e9 aplicar e transformar o conhecimento.\u00a0Por meio de atividades instigantes e criativas, os alunos desta faixa et\u00e1ria t\u00eam suas compet\u00eancias individuais valorizadas e s\u00e3o estimulados a aprender. Por isso, atualmente o [&hellip;]<\/p>\n","protected":false},"author":4,"featured_media":0,"parent":0,"menu_order":0,"comment_status":"open","ping_status":"closed","template":"","meta":{"_et_pb_use_builder":"on","_et_pb_old_content":"","footnotes":""},"class_list":["post-306","page","type-page","status-publish","hentry"],"_links":{"self":[{"href":"https:\/\/cebrasilcentral.com.br\/novosite\/wp-json\/wp\/v2\/pages\/306","targetHints":{"allow":["GET"]}}],"collection":[{"href":"https:\/\/cebrasilcentral.com.br\/novosite\/wp-json\/wp\/v2\/pages"}],"about":[{"href":"https:\/\/cebrasilcentral.com.br\/novosite\/wp-json\/wp\/v2\/types\/page"}],"author":[{"embeddable":true,"href":"https:\/\/cebrasilcentral.com.br\/novosite\/wp-json\/wp\/v2\/users\/4"}],"replies":[{"embeddable":true,"href":"https:\/\/cebrasilcentral.com.br\/novosite\/wp-json\/wp\/v2\/comments?post=306"}],"version-history":[{"count":52,"href":"https:\/\/cebrasilcentral.com.br\/novosite\/wp-json\/wp\/v2\/pages\/306\/revisions"}],"predecessor-version":[{"id":1349,"href":"https:\/\/cebrasilcentral.com.br\/novosite\/wp-json\/wp\/v2\/pages\/306\/revisions\/1349"}],"wp:attachment":[{"href":"https:\/\/cebrasilcentral.com.br\/novosite\/wp-json\/wp\/v2\/media?parent=306"}],"curies":[{"name":"wp","href":"https:\/\/api.w.org\/{rel}","templated":true}]}}